{"id":2,"date":"2015-02-02T13:42:45","date_gmt":"2015-02-02T13:42:45","guid":{"rendered":"http:\/\/www.japanischeschulekoeln.de\/?page_id=2"},"modified":"2021-10-28T15:38:57","modified_gmt":"2021-10-28T15:38:57","slug":"ueber_uns","status":"publish","type":"page","link":"http:\/\/www.japanischeschulekoeln.de\/de\/ueber_uns\/","title":{"rendered":"\u00fcber uns"},"content":{"rendered":"<p><\/p>\n<h5>Unsere Geschichte<\/h5>\n<p>1980 gr\u00fcndeten einige engagierte Eltern die \u201eK\u00f6lner Schule f\u00fcr die japanische Sprache\u201c, um japanischen Kindern Unterricht in ihrer Muttersprache anzubieten. Aus dieser Elterninitiative entwickelte sich allm\u00e4hlich unser gemeinn\u00fctziger Verein, der seit 1997 als \u201eJapanische Schule K\u00f6ln e. V.\u201c beim Amtsgericht K\u00f6ln eingetragen ist. Die meisten Kinder, die bei uns lernen, sind japanisch oder haben ein japanisches Elternteil.<\/p>\n<h5>Besonderheit<\/h5>\n<p>Wir bieten jedoch auch Japanisch-Kurse f\u00fcr deutschsprachige Kinder und Jugendliche im Alter von sechs bis 16 Jahren. Diese Kurse nennen wir \u201eJapanisch als Fremdsprache\u201c-, kurz JaF-Kurse genannt.<br \/>\nInteressenten haben die M\u00f6glichkeit, an einer kostenlosen Schnupperstunde teilzunehmen.<\/p>\n<p><a href=\"http:\/\/www.japanischeschulekoeln.de\/wp-content\/uploads\/2015\/11\/B_ennsoku_L.jpg\" target=\"_blank\" rel=\"noopener noreferrer\"><img loading=\"lazy\" class=\"alignnone wp-image-549 size-full\" src=\"http:\/\/www.japanischeschulekoeln.de\/wp-content\/uploads\/2015\/02\/SB_ennsoku_D.png\" alt=\"\" width=\"235\" height=\"199\" \/><\/a><a href=\"http:\/\/www.japanischeschulekoeln.de\/wp-content\/uploads\/2015\/02\/B_textbook.jpg\" target=\"_blank\" rel=\"noopener noreferrer\"><img loading=\"lazy\" class=\"alignnone wp-image-552 size-full\" src=\"http:\/\/www.japanischeschulekoeln.de\/wp-content\/uploads\/2015\/02\/SB_textbook_D.png\" alt=\"\" width=\"230\" height=\"199\" \/><\/a><a href=\"http:\/\/www.japanischeschulekoeln.de\/wp-content\/uploads\/2015\/11\/B_kokugo_L.jpg\" target=\"_blank\" rel=\"noopener noreferrer\"><img loading=\"lazy\" class=\"alignnone wp-image-551 size-full\" src=\"http:\/\/www.japanischeschulekoeln.de\/wp-content\/uploads\/2015\/02\/SB_kokugo_D.png\" alt=\"\" width=\"235\" height=\"199\" \/><\/a><a href=\"http:\/\/www.japanischeschulekoeln.de\/wp-content\/uploads\/2015\/11\/B_deutschkurs_L.jpg\" target=\"_blank\" rel=\"noopener noreferrer\"><img loading=\"lazy\" class=\"alignnone wp-image-548 size-full\" src=\"http:\/\/www.japanischeschulekoeln.de\/wp-content\/uploads\/2015\/02\/SB_deutschkurs_D.png\" alt=\"\" width=\"235\" height=\"200\" \/><\/a><a href=\"http:\/\/www.japanischeschulekoeln.de\/wp-content\/uploads\/2015\/02\/B_AGs.jpg\" target=\"_blank\" rel=\"noopener noreferrer\"><img loading=\"lazy\" class=\"alignnone wp-image-547 size-full\" src=\"http:\/\/www.japanischeschulekoeln.de\/wp-content\/uploads\/2015\/02\/SB_AGs_D.png\" alt=\"\" width=\"230\" height=\"200\" \/><\/a><a href=\"http:\/\/www.japanischeschulekoeln.de\/wp-content\/uploads\/2015\/11\/B_JaF_L.jpg\" target=\"_blank\" rel=\"noopener noreferrer\"><img loading=\"lazy\" class=\"alignnone wp-image-550 size-full\" src=\"http:\/\/www.japanischeschulekoeln.de\/wp-content\/uploads\/2015\/02\/SB_JaF_D.png\" alt=\"\" width=\"235\" height=\"200\" \/><\/a><\/p>\n<h5>Unsere Schule und Verein<\/h5>\n<p>Unsere Schule &#8211; der gemeinn\u00fctzige Verein \u201eJapanische Schule K\u00f6ln e. V.\u201c &#8211; lebt von der Mit- und Zusammenarbeit aller Mitglieder. Bei der Mitgliederversammlung wird der Vorstand, bestehend aus dem Vorsitzenden, dem stellvertretenden Vorsitzenden und dem Schatzmeister, und die drei Schulr\u00e4te gew\u00e4hlt. Sie leiten und verwalten ehrenamtlich den Schulbetrieb und die Vereinsangelegenheiten.<br \/>\nVon den Eltern erwarten wir ihre aktive Teilnahme an Schulveranstaltungen wie dem Neujahrsfest, dem Schulausflug usw.<\/p>\n<h5>Bibliothek<\/h5>\n<p>Unsere Bibliothek ist gut sortiert und verf\u00fcgt \u00fcber japanische B\u00fccher f\u00fcr Kinder in jeder Altersstufe. Wir haben Kinderb\u00fccher, Romane, wissenschaftliche B\u00fcchern, Manga, DVD und andere.<\/p>\n<p><a href=\"http:\/\/www.japanischeschulekoeln.de\/wp-content\/uploads\/2015\/11\/bibliothek_1_L.jpg\" target=\"_blank\" rel=\"noopener noreferrer\"><img loading=\"lazy\" class=\"alignnone wp-image-395 size-full\" src=\"http:\/\/www.japanischeschulekoeln.de\/wp-content\/uploads\/2015\/08\/S_bibliothek_1.png\" alt=\"\" width=\"235\" height=\"199\" \/><\/a><a href=\"http:\/\/www.japanischeschulekoeln.de\/wp-content\/uploads\/2015\/11\/bibliothek_2_L.jpg\" target=\"_blank\" rel=\"noopener noreferrer\"><img loading=\"lazy\" class=\"alignnone wp-image-396 size-full\" src=\"http:\/\/www.japanischeschulekoeln.de\/wp-content\/uploads\/2015\/08\/S_bibliothek_2.png\" alt=\"\" width=\"230\" height=\"199\" \/><\/a><a href=\"http:\/\/www.japanischeschulekoeln.de\/wp-content\/uploads\/2015\/11\/bibliothek_3_L.jpg\" target=\"_blank\" rel=\"noopener noreferrer\"><img loading=\"lazy\" class=\"alignnone wp-image-397 size-full\" src=\"http:\/\/www.japanischeschulekoeln.de\/wp-content\/uploads\/2015\/08\/S_bibliothek_3.png\" alt=\"\" width=\"235\" height=\"199\" \/><\/a><\/p>\n<h5>Satzung und Schulregel<\/h5>\n<p class=\"pdf-download\"><a href=\"http:\/\/www.japanischeschulekoeln.de\/wp-content\/uploads\/2017\/11\/Satzung_05-2015_DE.pdf\" target=\"_blank\" rel=\"noopener noreferrer\"><img loading=\"lazy\" class=\"alignnone wp-image-442 size-full\" src=\"http:\/\/www.japanischeschulekoeln.de\/wp-content\/uploads\/2015\/09\/download_satzung_de.png\" alt=\"download_satzung_de\" width=\"175\" height=\"65\" \/><\/a><a href=\"http:\/\/www.japanischeschulekoeln.de\/wp-content\/uploads\/2017\/11\/Schulordnung_05-2017_DE.pdf\" target=\"_blank\" rel=\"noopener noreferrer\"><img loading=\"lazy\" class=\"alignnone wp-image-605 size-full\" src=\"http:\/\/www.japanischeschulekoeln.de\/wp-content\/uploads\/2015\/09\/download_schulordnung_de.png\" alt=\"download_schulordnung_de\" width=\"175\" height=\"65\" \/><\/a><\/p>\n<p><\/p>","protected":false},"excerpt":{"rendered":"<p class=\"qtranxs-available-languages-message qtranxs-available-languages-message-de\">Leider ist der Eintrag nur auf <a href=\"http:\/\/www.japanischeschulekoeln.de\/ja\/wp-json\/wp\/v2\/pages\/2\" class=\"qtranxs-available-language-link qtranxs-available-language-link-ja\" title=\"\u65e5\u672c\u8a9e\">Japanisch<\/a> verf\u00fcgbar.<\/p>\n","protected":false},"author":1,"featured_media":0,"parent":0,"menu_order":0,"comment_status":"closed","ping_status":"closed","template":"","meta":[],"_links":{"self":[{"href":"http:\/\/www.japanischeschulekoeln.de\/de\/wp-json\/wp\/v2\/pages\/2"}],"collection":[{"href":"http:\/\/www.japanischeschulekoeln.de\/de\/wp-json\/wp\/v2\/pages"}],"about":[{"href":"http:\/\/www.japanischeschulekoeln.de\/de\/wp-json\/wp\/v2\/types\/page"}],"author":[{"embeddable":true,"href":"http:\/\/www.japanischeschulekoeln.de\/de\/wp-json\/wp\/v2\/users\/1"}],"replies":[{"embeddable":true,"href":"http:\/\/www.japanischeschulekoeln.de\/de\/wp-json\/wp\/v2\/comments?post=2"}],"version-history":[{"count":100,"href":"http:\/\/www.japanischeschulekoeln.de\/de\/wp-json\/wp\/v2\/pages\/2\/revisions"}],"predecessor-version":[{"id":1294,"href":"http:\/\/www.japanischeschulekoeln.de\/de\/wp-json\/wp\/v2\/pages\/2\/revisions\/1294"}],"wp:attachment":[{"href":"http:\/\/www.japanischeschulekoeln.de\/de\/wp-json\/wp\/v2\/media?parent=2"}],"curies":[{"name":"wp","href":"https:\/\/api.w.org\/{rel}","templated":true}]}}